{"id":3183,"date":"2022-07-11T15:55:19","date_gmt":"2022-07-11T15:55:19","guid":{"rendered":"https:\/\/construcciotarragones.pragmatacomunicacion.com\/?page_id=3183"},"modified":"2022-09-12T15:33:31","modified_gmt":"2022-09-12T15:33:31","slug":"actualidad","status":"publish","type":"page","link":"https:\/\/www.construcciotarragones.org\/es\/actualidad\/","title":{"rendered":"ACTUALIDAD"},"content":{"rendered":"<div class=\"fusion-fullwidth fullwidth-box fusion-builder-row-1 fusion-flex-container nonhundred-percent-fullwidth non-hundred-percent-height-scrolling\" style=\"--awb-border-radius-top-left:0px;--awb-border-radius-top-right:0px;--awb-border-radius-bottom-right:0px;--awb-border-radius-bottom-left:0px;--awb-flex-wrap:wrap;\" ><div class=\"fusion-builder-row fusion-row fusion-flex-align-items-flex-start fusion-flex-content-wrap\" style=\"max-width:1216.8px;margin-left: calc(-4% \/ 2 );margin-right: calc(-4% \/ 2 );\"><div class=\"fusion-layout-column fusion_builder_column fusion-builder-column-0 fusion_builder_column_1_1 1_1 fusion-flex-column\" style=\"--awb-bg-size:cover;--awb-width-large:100%;--awb-margin-top-large:0px;--awb-spacing-right-large:1.92%;--awb-margin-bottom-large:0px;--awb-spacing-left-large:1.92%;--awb-width-medium:100%;--awb-order-medium:0;--awb-spacing-right-medium:1.92%;--awb-spacing-left-medium:1.92%;--awb-width-small:100%;--awb-order-small:0;--awb-spacing-right-small:1.92%;--awb-spacing-left-small:1.92%;\"><div class=\"fusion-column-wrapper fusion-column-has-shadow fusion-flex-justify-content-flex-start fusion-content-layout-column\"><div class=\"fusion-blog-shortcode fusion-blog-shortcode-1 fusion-blog-archive fusion-blog-layout-medium fusion-blog-pagination\"><div class=\"fusion-posts-container fusion-posts-container-pagination fusion-no-meta-info fusion-blog-rollover\" data-pages=\"6\"><article id=\"blog-1-post-6591\" class=\"fusion-post-medium post-6591 post type-post status-publish format-standard has-post-thumbnail hentry category-gremi\">\n\t<style type=\"text\/css\">\n\t\t\n\t\t\n\t\t\n\t\t\n\t\t\t<\/style>\n\n\n\t\t\t<div class=\"fusion-flexslider flexslider fusion-flexslider-loading fusion-post-slideshow\" style=\"\">\n\t\t<ul class=\"slides\">\n\t\t\t\n\t\t\t\t\t\t\t\t\t\t\t\t\t\t<li><div  class=\"fusion-image-wrapper fusion-image-size-fixed\" aria-haspopup=\"true\">\n\t\t\t\t<img decoding=\"async\" width=\"320\" height=\"202\" src=\"https:\/\/www.construcciotarragones.org\/wp-content\/uploads\/ARCH69a5888acad03-320x202.jpeg\" class=\"attachment-blog-medium size-blog-medium lazyload wp-post-image\" alt=\"\" srcset=\"data:image\/svg+xml,%3Csvg%20xmlns%3D%27http%3A%2F%2Fwww.w3.org%2F2000%2Fsvg%27%20width%3D%27853%27%20height%3D%27480%27%20viewBox%3D%270%200%20853%20480%27%3E%3Crect%20width%3D%27853%27%20height%3D%27480%27%20fill-opacity%3D%220%22%2F%3E%3C%2Fsvg%3E\" data-orig-src=\"https:\/\/www.construcciotarragones.org\/wp-content\/uploads\/ARCH69a5888acad03-320x202.jpeg\" data-srcset=\"https:\/\/www.construcciotarragones.org\/wp-content\/uploads\/ARCH69a5888acad03-320x202.jpeg 320w, https:\/\/www.construcciotarragones.org\/wp-content\/uploads\/ARCH69a5888acad03-700x441.jpeg 700w\" data-sizes=\"auto\" \/><div class=\"fusion-rollover\">\n\t<div class=\"fusion-rollover-content\">\n\n\t\t\t\t\n\t\t\n\t\t\t\t\t\t\t\t\t\t\t\t<h4 class=\"fusion-rollover-title\">\n\t\t\t\t\t<a class=\"fusion-rollover-title-link\" href=\"https:\/\/www.construcciotarragones.org\/es\/stockholm-wood-city-la-ciudad-de-madera\/\">\n\t\t\t\t\t\tSTOCKHOLM WOOD CITY: LA CIUDAD DE MADERA\t\t\t\t\t<\/a>\n\t\t\t\t<\/h4>\n\t\t\t\n\t\t\t\t\t\t\t\t\n\t\t\n\t\t\t\t\t\t<a class=\"fusion-link-wrapper\" href=\"https:\/\/www.construcciotarragones.org\/es\/stockholm-wood-city-la-ciudad-de-madera\/\" aria-label=\"STOCKHOLM WOOD CITY: LA CIUDAD DE MADERA\"><\/a>\n\t<\/div>\n<\/div>\n<\/div>\n<\/li>\n\t\t\t\n\t\t\t\n\t\t\t\t\t\t\t\t\t\t\t\t\t\t\t\t\t\t\t\t\t\t\t\t\t\t\t\t\t\t\t\t\t\t\t\t\t\t\t\t\t\t\t\t\t\t\t\t\t\t\t\t\t\t\t\t\t\t\t\t\t\t\t\t\t\t\t\t<\/ul>\n\t<\/div>\n\t<div class=\"fusion-post-content post-content\"><h2 class=\"blog-shortcode-post-title entry-title\"><a href=\"https:\/\/www.construcciotarragones.org\/es\/stockholm-wood-city-la-ciudad-de-madera\/\">STOCKHOLM WOOD CITY: LA CIUDAD DE MADERA<\/a><\/h2><div class=\"fusion-post-content-container\"><p>Considera la \"mayor urbe de madera del mundo\", emerge en Suecia como un referente t\u00e9cnico en sostenibilidad y regeneraci\u00f3n de espacios industriales<\/p><\/div><\/div><div class=\"fusion-clearfix\"><\/div><\/article>\n<article id=\"blog-1-post-6583\" class=\"fusion-post-medium post-6583 post type-post status-publish format-standard has-post-thumbnail hentry category-gremi\">\n\t<style type=\"text\/css\">\n\t\t\n\t\t\n\t\t\n\t\t\n\t\t\t<\/style>\n\n\n\t\t\t<div class=\"fusion-flexslider flexslider fusion-flexslider-loading fusion-post-slideshow\" style=\"\">\n\t\t<ul class=\"slides\">\n\t\t\t\n\t\t\t\t\t\t\t\t\t\t\t\t\t\t<li><div  class=\"fusion-image-wrapper fusion-image-size-fixed\" aria-haspopup=\"true\">\n\t\t\t\t<img decoding=\"async\" width=\"320\" height=\"202\" src=\"https:\/\/www.construcciotarragones.org\/wp-content\/uploads\/ARCH65d89748c7f44-320x202.jpeg\" class=\"attachment-blog-medium size-blog-medium lazyload wp-post-image\" alt=\"\" srcset=\"data:image\/svg+xml,%3Csvg%20xmlns%3D%27http%3A%2F%2Fwww.w3.org%2F2000%2Fsvg%27%20width%3D%27853%27%20height%3D%27480%27%20viewBox%3D%270%200%20853%20480%27%3E%3Crect%20width%3D%27853%27%20height%3D%27480%27%20fill-opacity%3D%220%22%2F%3E%3C%2Fsvg%3E\" data-orig-src=\"https:\/\/www.construcciotarragones.org\/wp-content\/uploads\/ARCH65d89748c7f44-320x202.jpeg\" data-srcset=\"https:\/\/www.construcciotarragones.org\/wp-content\/uploads\/ARCH65d89748c7f44-320x202.jpeg 320w, https:\/\/www.construcciotarragones.org\/wp-content\/uploads\/ARCH65d89748c7f44-700x441.jpeg 700w\" data-sizes=\"auto\" \/><div class=\"fusion-rollover\">\n\t<div class=\"fusion-rollover-content\">\n\n\t\t\t\t\n\t\t\n\t\t\t\t\t\t\t\t\t\t\t\t<h4 class=\"fusion-rollover-title\">\n\t\t\t\t\t<a class=\"fusion-rollover-title-link\" href=\"https:\/\/www.construcciotarragones.org\/es\/el-plan-de-pensiones-de-la-construccion-abona-las-primeras-prestaciones-a-3-178-personas-trabajadoras-que-se-han-jubilado\/\">\n\t\t\t\t\t\tEL PLAN DE PENSIONES DE LA CONSTRUCCI\u00d3N ABONA LAS PRIMERAS PRESTACIONES A 3.178 PERSONAS TRABAJADORAS QUE SE HAN JUBILADO\t\t\t\t\t<\/a>\n\t\t\t\t<\/h4>\n\t\t\t\n\t\t\t\t\t\t\t\t\n\t\t\n\t\t\t\t\t\t<a class=\"fusion-link-wrapper\" href=\"https:\/\/www.construcciotarragones.org\/es\/el-plan-de-pensiones-de-la-construccion-abona-las-primeras-prestaciones-a-3-178-personas-trabajadoras-que-se-han-jubilado\/\" aria-label=\"EL PLAN DE PENSIONES DE LA CONSTRUCCI\u00d3N ABONA LAS PRIMERAS PRESTACIONES A 3.178 PERSONAS TRABAJADORAS QUE SE HAN JUBILADO\"><\/a>\n\t<\/div>\n<\/div>\n<\/div>\n<\/li>\n\t\t\t\n\t\t\t\n\t\t\t\t\t\t\t\t\t\t\t\t\t\t\t\t\t\t\t\t\t\t\t\t\t\t\t\t\t\t\t\t\t\t\t\t\t\t\t\t\t\t\t\t\t\t\t\t\t\t\t\t\t\t\t\t\t\t\t\t\t\t\t\t\t\t\t\t<\/ul>\n\t<\/div>\n\t<div class=\"fusion-post-content post-content\"><h2 class=\"blog-shortcode-post-title entry-title\"><a href=\"https:\/\/www.construcciotarragones.org\/es\/el-plan-de-pensiones-de-la-construccion-abona-las-primeras-prestaciones-a-3-178-personas-trabajadoras-que-se-han-jubilado\/\">EL PLAN DE PENSIONES DE LA CONSTRUCCI\u00d3N ABONA LAS PRIMERAS PRESTACIONES A 3.178 PERSONAS TRABAJADORAS QUE SE HAN JUBILADO<\/a><\/h2><div class=\"fusion-post-content-container\"><p>Desde CNC, CCOO del H\u00e1bitat y UGT FICA aseguran que \"se ha superado las expectativas\" del Plan que tambi\u00e9n cubre las contingencias de las situaciones de incapacidad y de fallecimiento: el n\u00famero de part\u00edcipes ya supera los 812.000 y las empresas adheridas superan las 80.000<\/p><\/div><\/div><div class=\"fusion-clearfix\"><\/div><\/article>\n<article id=\"blog-1-post-6577\" class=\"fusion-post-medium post-6577 post type-post status-publish format-standard has-post-thumbnail hentry category-gremi\">\n\t<style type=\"text\/css\">\n\t\t\n\t\t\n\t\t\n\t\t\n\t\t\t<\/style>\n\n\n\t\t\t<div class=\"fusion-flexslider flexslider fusion-flexslider-loading fusion-post-slideshow\" style=\"\">\n\t\t<ul class=\"slides\">\n\t\t\t\n\t\t\t\t\t\t\t\t\t\t\t\t\t\t<li><div  class=\"fusion-image-wrapper fusion-image-size-fixed\" aria-haspopup=\"true\">\n\t\t\t\t<img decoding=\"async\" width=\"320\" height=\"202\" src=\"https:\/\/www.construcciotarragones.org\/wp-content\/uploads\/ARCH69a54ed3ee33d-320x202.jpeg\" class=\"attachment-blog-medium size-blog-medium lazyload wp-post-image\" alt=\"\" srcset=\"data:image\/svg+xml,%3Csvg%20xmlns%3D%27http%3A%2F%2Fwww.w3.org%2F2000%2Fsvg%27%20width%3D%27853%27%20height%3D%27480%27%20viewBox%3D%270%200%20853%20480%27%3E%3Crect%20width%3D%27853%27%20height%3D%27480%27%20fill-opacity%3D%220%22%2F%3E%3C%2Fsvg%3E\" data-orig-src=\"https:\/\/www.construcciotarragones.org\/wp-content\/uploads\/ARCH69a54ed3ee33d-320x202.jpeg\" data-srcset=\"https:\/\/www.construcciotarragones.org\/wp-content\/uploads\/ARCH69a54ed3ee33d-320x202.jpeg 320w, https:\/\/www.construcciotarragones.org\/wp-content\/uploads\/ARCH69a54ed3ee33d-700x441.jpeg 700w\" data-sizes=\"auto\" \/><div class=\"fusion-rollover\">\n\t<div class=\"fusion-rollover-content\">\n\n\t\t\t\t\n\t\t\n\t\t\t\t\t\t\t\t\t\t\t\t<h4 class=\"fusion-rollover-title\">\n\t\t\t\t\t<a class=\"fusion-rollover-title-link\" href=\"https:\/\/www.construcciotarragones.org\/es\/inscribete-ya-en-el-nuevo-mooc-gratuito-construccion-con-prefabricados-de-hormigon\/\">\n\t\t\t\t\t\tINSCR\u00cdBETE YA EN EL NUEVO MOOC GRATUITO \u201cCONSTRUCCI\u00d3N CON PREFABRICADOS DE HORMIG\u00d3N\u201d\t\t\t\t\t<\/a>\n\t\t\t\t<\/h4>\n\t\t\t\n\t\t\t\t\t\t\t\t\n\t\t\n\t\t\t\t\t\t<a class=\"fusion-link-wrapper\" href=\"https:\/\/www.construcciotarragones.org\/es\/inscribete-ya-en-el-nuevo-mooc-gratuito-construccion-con-prefabricados-de-hormigon\/\" aria-label=\"INSCR\u00cdBETE YA EN EL NUEVO MOOC GRATUITO \u201cCONSTRUCCI\u00d3N CON PREFABRICADOS DE HORMIG\u00d3N\u201d\"><\/a>\n\t<\/div>\n<\/div>\n<\/div>\n<\/li>\n\t\t\t\n\t\t\t\n\t\t\t\t\t\t\t\t\t\t\t\t\t\t\t\t\t\t\t\t\t\t\t\t\t\t\t\t\t\t\t\t\t\t\t\t\t\t\t\t\t\t\t\t\t\t\t\t\t\t\t\t\t\t\t\t\t\t\t\t\t\t\t\t\t\t\t\t<\/ul>\n\t<\/div>\n\t<div class=\"fusion-post-content post-content\"><h2 class=\"blog-shortcode-post-title entry-title\"><a href=\"https:\/\/www.construcciotarragones.org\/es\/inscribete-ya-en-el-nuevo-mooc-gratuito-construccion-con-prefabricados-de-hormigon\/\">INSCR\u00cdBETE YA EN EL NUEVO MOOC GRATUITO \u201cCONSTRUCCI\u00d3N CON PREFABRICADOS DE HORMIG\u00d3N\u201d<\/a><\/h2><div class=\"fusion-post-content-container\"><p>Las personas interesadas en realizar este curso online, gratuito y de corta duraci\u00f3n, pueden formalizar su inscripci\u00f3n a trav\u00e9s de la plataforma de la Fundaci\u00f3n Laboral de la Construcci\u00f3n<\/p><\/div><\/div><div class=\"fusion-clearfix\"><\/div><\/article>\n<article id=\"blog-1-post-6527\" class=\"fusion-post-medium post-6527 post type-post status-publish format-standard has-post-thumbnail hentry category-gremi\">\n\t<style type=\"text\/css\">\n\t\t\n\t\t\n\t\t\n\t\t\n\t\t\t<\/style>\n\n\n\t\t\t<div class=\"fusion-flexslider flexslider fusion-flexslider-loading fusion-post-slideshow\" style=\"\">\n\t\t<ul class=\"slides\">\n\t\t\t\n\t\t\t\t\t\t\t\t\t\t\t\t\t\t<li><div  class=\"fusion-image-wrapper fusion-image-size-fixed\" aria-haspopup=\"true\">\n\t\t\t\t<img decoding=\"async\" width=\"320\" height=\"202\" src=\"https:\/\/www.construcciotarragones.org\/wp-content\/uploads\/GCT-2026-03-05-0663-320x202.jpg\" class=\"attachment-blog-medium size-blog-medium lazyload wp-post-image\" alt=\"\" srcset=\"data:image\/svg+xml,%3Csvg%20xmlns%3D%27http%3A%2F%2Fwww.w3.org%2F2000%2Fsvg%27%20width%3D%272560%27%20height%3D%271745%27%20viewBox%3D%270%200%202560%201745%27%3E%3Crect%20width%3D%272560%27%20height%3D%271745%27%20fill-opacity%3D%220%22%2F%3E%3C%2Fsvg%3E\" data-orig-src=\"https:\/\/www.construcciotarragones.org\/wp-content\/uploads\/GCT-2026-03-05-0663-320x202.jpg\" data-srcset=\"https:\/\/www.construcciotarragones.org\/wp-content\/uploads\/GCT-2026-03-05-0663-320x202.jpg 320w, https:\/\/www.construcciotarragones.org\/wp-content\/uploads\/GCT-2026-03-05-0663-700x441.jpg 700w\" data-sizes=\"auto\" \/><div class=\"fusion-rollover\">\n\t<div class=\"fusion-rollover-content\">\n\n\t\t\t\t\n\t\t\n\t\t\t\t\t\t\t\t\t\t\t\t<h4 class=\"fusion-rollover-title\">\n\t\t\t\t\t<a class=\"fusion-rollover-title-link\" href=\"https:\/\/www.construcciotarragones.org\/es\/el-gremio-de-la-construccion-del-tarragones-entrega-los-galardones-agremiado-de-honor-2025-en-un-acto-celebrado-al-teatret-del-serrallo\/\">\n\t\t\t\t\t\tEL GREMIO DE LA CONSTRUCCI\u00d3N DEL TARRAGON\u00c8S ENTREGA LOS GALARDONES \u201cAGREMIADO DE HONOR 2025\u201d EN UN ACTO CELEBRADO EN EL TEATRET DEL SERRALLO\t\t\t\t\t<\/a>\n\t\t\t\t<\/h4>\n\t\t\t\n\t\t\t\t\t\t\t\t\n\t\t\n\t\t\t\t\t\t<a class=\"fusion-link-wrapper\" href=\"https:\/\/www.construcciotarragones.org\/es\/el-gremio-de-la-construccion-del-tarragones-entrega-los-galardones-agremiado-de-honor-2025-en-un-acto-celebrado-al-teatret-del-serrallo\/\" aria-label=\"EL GREMIO DE LA CONSTRUCCI\u00d3N DEL TARRAGON\u00c8S ENTREGA LOS GALARDONES \u201cAGREMIADO DE HONOR 2025\u201d EN UN ACTO CELEBRADO EN EL TEATRET DEL SERRALLO\"><\/a>\n\t<\/div>\n<\/div>\n<\/div>\n<\/li>\n\t\t\t\n\t\t\t\n\t\t\t\t\t\t\t\t\t\t\t\t\t\t\t\t\t\t\t\t\t\t\t\t\t\t\t\t\t\t\t\t\t\t\t\t\t\t\t\t\t\t\t\t\t\t\t\t\t\t\t\t\t\t\t\t\t\t\t\t\t\t\t\t\t\t\t\t<\/ul>\n\t<\/div>\n\t<div class=\"fusion-post-content post-content\"><h2 class=\"blog-shortcode-post-title entry-title\"><a href=\"https:\/\/www.construcciotarragones.org\/es\/el-gremio-de-la-construccion-del-tarragones-entrega-los-galardones-agremiado-de-honor-2025-en-un-acto-celebrado-al-teatret-del-serrallo\/\">EL GREMIO DE LA CONSTRUCCI\u00d3N DEL TARRAGON\u00c8S ENTREGA LOS GALARDONES \u201cAGREMIADO DE HONOR 2025\u201d EN UN ACTO CELEBRADO EN EL TEATRET DEL SERRALLO<\/a><\/h2><div class=\"fusion-post-content-container\"><p>El Gremio de la Construcci\u00f3n del Tarragon\u00e8s celebr\u00f3 ayer al atardecer la primera edici\u00f3n de sus galardones anuales en Tarragona, en un acto que reuni\u00f3 casi 90 personas para reconocer la trayectoria de dos personas referentes del sector de la construcci\u00f3n.<\/p><\/div><\/div><div class=\"fusion-clearfix\"><\/div><\/article>\n<article id=\"blog-1-post-6519\" class=\"fusion-post-medium post-6519 post type-post status-publish format-standard has-post-thumbnail hentry category-gremi\">\n\t<style type=\"text\/css\">\n\t\t\n\t\t\n\t\t\n\t\t\n\t\t\t<\/style>\n\n\n\t\t\t<div class=\"fusion-flexslider flexslider fusion-flexslider-loading fusion-post-slideshow\" style=\"\">\n\t\t<ul class=\"slides\">\n\t\t\t\n\t\t\t\t\t\t\t\t\t\t\t\t\t\t<li><div  class=\"fusion-image-wrapper fusion-image-size-fixed\" aria-haspopup=\"true\">\n\t\t\t\t<img decoding=\"async\" width=\"320\" height=\"202\" src=\"https:\/\/www.construcciotarragones.org\/wp-content\/uploads\/imatge-320x202.jpg\" class=\"attachment-blog-medium size-blog-medium lazyload wp-post-image\" alt=\"\" srcset=\"data:image\/svg+xml,%3Csvg%20xmlns%3D%27http%3A%2F%2Fwww.w3.org%2F2000%2Fsvg%27%20width%3D%271600%27%20height%3D%27900%27%20viewBox%3D%270%200%201600%20900%27%3E%3Crect%20width%3D%271600%27%20height%3D%27900%27%20fill-opacity%3D%220%22%2F%3E%3C%2Fsvg%3E\" data-orig-src=\"https:\/\/www.construcciotarragones.org\/wp-content\/uploads\/imatge-320x202.jpg\" data-srcset=\"https:\/\/www.construcciotarragones.org\/wp-content\/uploads\/imatge-320x202.jpg 320w, https:\/\/www.construcciotarragones.org\/wp-content\/uploads\/imatge-700x441.jpg 700w\" data-sizes=\"auto\" \/><div class=\"fusion-rollover\">\n\t<div class=\"fusion-rollover-content\">\n\n\t\t\t\t\n\t\t\n\t\t\t\t\t\t\t\t\t\t\t\t<h4 class=\"fusion-rollover-title\">\n\t\t\t\t\t<a class=\"fusion-rollover-title-link\" href=\"https:\/\/www.construcciotarragones.org\/es\/8m-feliz-dia-de-la-mujer\/\">\n\t\t\t\t\t\t#8M FELIZ DIA DE LA MUJER\t\t\t\t\t<\/a>\n\t\t\t\t<\/h4>\n\t\t\t\n\t\t\t\t\t\t\t\t\n\t\t\n\t\t\t\t\t\t<a class=\"fusion-link-wrapper\" href=\"https:\/\/www.construcciotarragones.org\/es\/8m-feliz-dia-de-la-mujer\/\" aria-label=\"#8M FELIZ DIA DE LA MUJER\"><\/a>\n\t<\/div>\n<\/div>\n<\/div>\n<\/li>\n\t\t\t\n\t\t\t\n\t\t\t\t\t\t\t\t\t\t\t\t\t\t\t\t\t\t\t\t\t\t\t\t\t\t\t\t\t\t\t\t\t\t\t\t\t\t\t\t\t\t\t\t\t\t\t\t\t\t\t\t\t\t\t\t\t\t\t\t\t\t\t\t\t\t\t\t<\/ul>\n\t<\/div>\n\t<div class=\"fusion-post-content post-content\"><h2 class=\"blog-shortcode-post-title entry-title\"><a href=\"https:\/\/www.construcciotarragones.org\/es\/8m-feliz-dia-de-la-mujer\/\">#8M FELIZ DIA DE LA MUJER<\/a><\/h2><div class=\"fusion-post-content-container\"><p><\/p><\/div><\/div><div class=\"fusion-clearfix\"><\/div><\/article>\n<article id=\"blog-1-post-6488\" class=\"fusion-post-medium post-6488 post type-post status-publish format-standard has-post-thumbnail hentry category-gremi\">\n\t<style type=\"text\/css\">\n\t\t\n\t\t\n\t\t\n\t\t\n\t\t\t<\/style>\n\n\n\t\t\t<div class=\"fusion-flexslider flexslider fusion-flexslider-loading fusion-post-slideshow\" style=\"\">\n\t\t<ul class=\"slides\">\n\t\t\t\n\t\t\t\t\t\t\t\t\t\t\t\t\t\t<li><div  class=\"fusion-image-wrapper fusion-image-size-fixed\" aria-haspopup=\"true\">\n\t\t\t\t<img decoding=\"async\" width=\"320\" height=\"202\" src=\"https:\/\/www.construcciotarragones.org\/wp-content\/uploads\/WhatsApp-Image-2026-02-12-at-12.12.07-320x202.jpeg\" class=\"attachment-blog-medium size-blog-medium lazyload wp-post-image\" alt=\"\" srcset=\"data:image\/svg+xml,%3Csvg%20xmlns%3D%27http%3A%2F%2Fwww.w3.org%2F2000%2Fsvg%27%20width%3D%27528%27%20height%3D%27291%27%20viewBox%3D%270%200%20528%20291%27%3E%3Crect%20width%3D%27528%27%20height%3D%27291%27%20fill-opacity%3D%220%22%2F%3E%3C%2Fsvg%3E\" data-orig-src=\"https:\/\/www.construcciotarragones.org\/wp-content\/uploads\/WhatsApp-Image-2026-02-12-at-12.12.07-320x202.jpeg\" data-srcset=\"https:\/\/www.construcciotarragones.org\/wp-content\/uploads\/WhatsApp-Image-2026-02-12-at-12.12.07-320x202.jpeg 320w, https:\/\/www.construcciotarragones.org\/wp-content\/uploads\/WhatsApp-Image-2026-02-12-at-12.12.07-460x291.jpeg 460w\" data-sizes=\"auto\" \/><div class=\"fusion-rollover\">\n\t<div class=\"fusion-rollover-content\">\n\n\t\t\t\t\n\t\t\n\t\t\t\t\t\t\t\t\t\t\t\t<h4 class=\"fusion-rollover-title\">\n\t\t\t\t\t<a class=\"fusion-rollover-title-link\" href=\"https:\/\/www.construcciotarragones.org\/es\/la-camara-de-contratistas-reune-al-sector-de-la-construccion-en-vila-seca-para-abordar-los-retos-del-futuro\/\">\n\t\t\t\t\t\tLA C\u00c1MARA DE CONTRATISTAS RE\u00daNE AL SECTOR DE LA CONSTRUCCI\u00d3N EN VILA-SECA PARA ABORDAR LOS RETOS DEL FUTURO\t\t\t\t\t<\/a>\n\t\t\t\t<\/h4>\n\t\t\t\n\t\t\t\t\t\t\t\t\n\t\t\n\t\t\t\t\t\t<a class=\"fusion-link-wrapper\" href=\"https:\/\/www.construcciotarragones.org\/es\/la-camara-de-contratistas-reune-al-sector-de-la-construccion-en-vila-seca-para-abordar-los-retos-del-futuro\/\" aria-label=\"LA C\u00c1MARA DE CONTRATISTAS RE\u00daNE AL SECTOR DE LA CONSTRUCCI\u00d3N EN VILA-SECA PARA ABORDAR LOS RETOS DEL FUTURO\"><\/a>\n\t<\/div>\n<\/div>\n<\/div>\n<\/li>\n\t\t\t\n\t\t\t\n\t\t\t\t\t\t\t\t\t\t\t\t\t\t\t\t\t\t\t\t\t\t\t\t\t\t\t\t\t\t\t\t\t\t\t\t\t\t\t\t\t\t\t\t\t\t\t\t\t\t\t\t\t\t\t\t\t\t\t\t\t\t\t\t\t\t\t\t<\/ul>\n\t<\/div>\n\t<div class=\"fusion-post-content post-content\"><h2 class=\"blog-shortcode-post-title entry-title\"><a href=\"https:\/\/www.construcciotarragones.org\/es\/la-camara-de-contratistas-reune-al-sector-de-la-construccion-en-vila-seca-para-abordar-los-retos-del-futuro\/\">LA C\u00c1MARA DE CONTRATISTAS RE\u00daNE AL SECTOR DE LA CONSTRUCCI\u00d3N EN VILA-SECA PARA ABORDAR LOS RETOS DEL FUTURO<\/a><\/h2><div class=\"fusion-post-content-container\"><p>El encuentro, organizado con la colaboraci\u00f3n de FOCONTA, ha reunido empresas y representantes institucionales para compartir experiencias y analizar los principales retos del sector en el territorio.<\/p><\/div><\/div><div class=\"fusion-clearfix\"><\/div><\/article>\n<article id=\"blog-1-post-6452\" class=\"fusion-post-medium post-6452 post type-post status-publish format-standard has-post-thumbnail hentry category-gremi\">\n\t<style type=\"text\/css\">\n\t\t\n\t\t\n\t\t\n\t\t\n\t\t\t<\/style>\n\n\n\t\t\t<div class=\"fusion-flexslider flexslider fusion-flexslider-loading fusion-post-slideshow\" style=\"\">\n\t\t<ul class=\"slides\">\n\t\t\t\n\t\t\t\t\t\t\t\t\t\t\t\t\t\t<li><div  class=\"fusion-image-wrapper fusion-image-size-fixed\" aria-haspopup=\"true\">\n\t\t\t\t<img decoding=\"async\" width=\"320\" height=\"202\" src=\"https:\/\/www.construcciotarragones.org\/wp-content\/uploads\/1er-i-2on-premi-AGREMIAT-DHONOR-2025-2026-1-320x202.jpeg\" class=\"attachment-blog-medium size-blog-medium lazyload wp-post-image\" alt=\"\" srcset=\"data:image\/svg+xml,%3Csvg%20xmlns%3D%27http%3A%2F%2Fwww.w3.org%2F2000%2Fsvg%27%20width%3D%271600%27%20height%3D%271249%27%20viewBox%3D%270%200%201600%201249%27%3E%3Crect%20width%3D%271600%27%20height%3D%271249%27%20fill-opacity%3D%220%22%2F%3E%3C%2Fsvg%3E\" data-orig-src=\"https:\/\/www.construcciotarragones.org\/wp-content\/uploads\/1er-i-2on-premi-AGREMIAT-DHONOR-2025-2026-1-320x202.jpeg\" data-srcset=\"https:\/\/www.construcciotarragones.org\/wp-content\/uploads\/1er-i-2on-premi-AGREMIAT-DHONOR-2025-2026-1-320x202.jpeg 320w, https:\/\/www.construcciotarragones.org\/wp-content\/uploads\/1er-i-2on-premi-AGREMIAT-DHONOR-2025-2026-1-700x441.jpeg 700w\" data-sizes=\"auto\" \/><div class=\"fusion-rollover\">\n\t<div class=\"fusion-rollover-content\">\n\n\t\t\t\t\n\t\t\n\t\t\t\t\t\t\t\t\t\t\t\t<h4 class=\"fusion-rollover-title\">\n\t\t\t\t\t<a class=\"fusion-rollover-title-link\" href=\"https:\/\/www.construcciotarragones.org\/es\/convenio-de-colaboracion-entre-lescola-dart-i-disseny-de-tarragona-y-el-gremi-de-la-construccio-del-tarragones-para-la-creacion-del-premio-agremiat-dhonor-2025-2026\/\">\n\t\t\t\t\t\tCONVENIO DE COLABORACI\u00d3N ENTRE L\u2019ESCOLA D\u2019ART I DISSENY DE TARRAGONA Y EL GREMI DE LA CONSTRUCCI\u00d3 DEL TARRAGON\u00c8S PARA LA CREACI\u00d3N DEL PREMIO \u201cAGREMIAT D\u2019HONOR 2025-2026\u201d\t\t\t\t\t<\/a>\n\t\t\t\t<\/h4>\n\t\t\t\n\t\t\t\t\t\t\t\t\n\t\t\n\t\t\t\t\t\t<a class=\"fusion-link-wrapper\" href=\"https:\/\/www.construcciotarragones.org\/es\/convenio-de-colaboracion-entre-lescola-dart-i-disseny-de-tarragona-y-el-gremi-de-la-construccio-del-tarragones-para-la-creacion-del-premio-agremiat-dhonor-2025-2026\/\" aria-label=\"CONVENIO DE COLABORACI\u00d3N ENTRE L\u2019ESCOLA D\u2019ART I DISSENY DE TARRAGONA Y EL GREMI DE LA CONSTRUCCI\u00d3 DEL TARRAGON\u00c8S PARA LA CREACI\u00d3N DEL PREMIO \u201cAGREMIAT D\u2019HONOR 2025-2026\u201d\"><\/a>\n\t<\/div>\n<\/div>\n<\/div>\n<\/li>\n\t\t\t\n\t\t\t\n\t\t\t\t\t\t\t\t\t\t\t\t\t\t\t\t\t\t\t\t\t\t\t\t\t\t\t\t\t\t\t\t\t\t\t\t\t\t\t\t\t\t\t\t\t\t\t\t\t\t\t\t\t\t\t\t\t\t\t\t\t\t\t\t\t\t\t\t<\/ul>\n\t<\/div>\n\t<div class=\"fusion-post-content post-content\"><h2 class=\"blog-shortcode-post-title entry-title\"><a href=\"https:\/\/www.construcciotarragones.org\/es\/convenio-de-colaboracion-entre-lescola-dart-i-disseny-de-tarragona-y-el-gremi-de-la-construccio-del-tarragones-para-la-creacion-del-premio-agremiat-dhonor-2025-2026\/\">CONVENIO DE COLABORACI\u00d3N ENTRE L\u2019ESCOLA D\u2019ART I DISSENY DE TARRAGONA Y EL GREMI DE LA CONSTRUCCI\u00d3 DEL TARRAGON\u00c8S PARA LA CREACI\u00d3N DEL PREMIO \u201cAGREMIAT D\u2019HONOR 2025-2026\u201d<\/a><\/h2><div class=\"fusion-post-content-container\"><p>El concurso para la creaci\u00f3n del premio \u201cAgremiat d\u2019Honor 2025-2026\u201d, ha finalizado resultando ganadora la obra de la alumna de l\u2019EADT Laia Mendoza Boquena y finalista la obra de la alumna de l\u2019EADT Viviam Jeannette Zulieta Romero.<\/p><\/div><\/div><div class=\"fusion-clearfix\"><\/div><\/article>\n<article id=\"blog-1-post-6409\" class=\"fusion-post-medium post-6409 post type-post status-publish format-standard has-post-thumbnail hentry category-gremi\">\n\t<style type=\"text\/css\">\n\t\t\n\t\t\n\t\t\n\t\t\n\t\t\t<\/style>\n\n\n\t\t\t<div class=\"fusion-flexslider flexslider fusion-flexslider-loading fusion-post-slideshow\" style=\"\">\n\t\t<ul class=\"slides\">\n\t\t\t\n\t\t\t\t\t\t\t\t\t\t\t\t\t\t<li><div  class=\"fusion-image-wrapper fusion-image-size-fixed\" aria-haspopup=\"true\">\n\t\t\t\t<img decoding=\"async\" width=\"320\" height=\"202\" src=\"https:\/\/www.construcciotarragones.org\/wp-content\/uploads\/Felicitacio-Nadal-Gremi-2025-1_page-0001-320x202.jpg\" class=\"attachment-blog-medium size-blog-medium lazyload wp-post-image\" alt=\"\" srcset=\"data:image\/svg+xml,%3Csvg%20xmlns%3D%27http%3A%2F%2Fwww.w3.org%2F2000%2Fsvg%27%20width%3D%271440%27%20height%3D%272560%27%20viewBox%3D%270%200%201440%202560%27%3E%3Crect%20width%3D%271440%27%20height%3D%272560%27%20fill-opacity%3D%220%22%2F%3E%3C%2Fsvg%3E\" data-orig-src=\"https:\/\/www.construcciotarragones.org\/wp-content\/uploads\/Felicitacio-Nadal-Gremi-2025-1_page-0001-320x202.jpg\" data-srcset=\"https:\/\/www.construcciotarragones.org\/wp-content\/uploads\/Felicitacio-Nadal-Gremi-2025-1_page-0001-320x202.jpg 320w, https:\/\/www.construcciotarragones.org\/wp-content\/uploads\/Felicitacio-Nadal-Gremi-2025-1_page-0001-700x441.jpg 700w\" data-sizes=\"auto\" \/><div class=\"fusion-rollover\">\n\t<div class=\"fusion-rollover-content\">\n\n\t\t\t\t\n\t\t\n\t\t\t\t\t\t\t\t\t\t\t\t<h4 class=\"fusion-rollover-title\">\n\t\t\t\t\t<a class=\"fusion-rollover-title-link\" href=\"https:\/\/www.construcciotarragones.org\/es\/muy-felices-fiestas-de-navidad-y-prospero-2026\/\">\n\t\t\t\t\t\tMuy felices fiestas de navidad y Pr\u00f3spero 2026!!!\t\t\t\t\t<\/a>\n\t\t\t\t<\/h4>\n\t\t\t\n\t\t\t\t\t\t\t\t\n\t\t\n\t\t\t\t\t\t<a class=\"fusion-link-wrapper\" href=\"https:\/\/www.construcciotarragones.org\/es\/muy-felices-fiestas-de-navidad-y-prospero-2026\/\" aria-label=\"Muy felices fiestas de navidad y Pr\u00f3spero 2026!!!\"><\/a>\n\t<\/div>\n<\/div>\n<\/div>\n<\/li>\n\t\t\t\n\t\t\t\n\t\t\t\t\t\t\t\t\t\t\t\t\t\t\t\t\t\t\t\t\t\t\t\t\t\t\t\t\t\t\t\t\t\t\t\t\t\t\t\t\t\t\t\t\t\t\t\t\t\t\t\t\t\t\t\t\t\t\t\t\t\t\t\t\t\t\t\t<\/ul>\n\t<\/div>\n\t<div class=\"fusion-post-content post-content\"><h2 class=\"blog-shortcode-post-title entry-title\"><a href=\"https:\/\/www.construcciotarragones.org\/es\/muy-felices-fiestas-de-navidad-y-prospero-2026\/\">Muy felices fiestas de navidad y Pr\u00f3spero 2026!!!<\/a><\/h2><div class=\"fusion-post-content-container\"><p><\/p><\/div><\/div><div class=\"fusion-clearfix\"><\/div><\/article>\n<article id=\"blog-1-post-6369\" class=\"fusion-post-medium post-6369 post type-post status-publish format-standard has-post-thumbnail hentry category-gremi\">\n\t<style type=\"text\/css\">\n\t\t\n\t\t\n\t\t\n\t\t\n\t\t\t<\/style>\n\n\n\t\t\t<div class=\"fusion-flexslider flexslider fusion-flexslider-loading fusion-post-slideshow\" style=\"\">\n\t\t<ul class=\"slides\">\n\t\t\t\n\t\t\t\t\t\t\t\t\t\t\t\t\t\t<li><div  class=\"fusion-image-wrapper fusion-image-size-fixed\" aria-haspopup=\"true\">\n\t\t\t\t<img decoding=\"async\" width=\"320\" height=\"202\" src=\"https:\/\/www.construcciotarragones.org\/wp-content\/uploads\/ARCH692eb39c0ba54-320x202.jpeg\" class=\"attachment-blog-medium size-blog-medium lazyload wp-post-image\" alt=\"\" srcset=\"data:image\/svg+xml,%3Csvg%20xmlns%3D%27http%3A%2F%2Fwww.w3.org%2F2000%2Fsvg%27%20width%3D%27853%27%20height%3D%27480%27%20viewBox%3D%270%200%20853%20480%27%3E%3Crect%20width%3D%27853%27%20height%3D%27480%27%20fill-opacity%3D%220%22%2F%3E%3C%2Fsvg%3E\" data-orig-src=\"https:\/\/www.construcciotarragones.org\/wp-content\/uploads\/ARCH692eb39c0ba54-320x202.jpeg\" data-srcset=\"https:\/\/www.construcciotarragones.org\/wp-content\/uploads\/ARCH692eb39c0ba54-320x202.jpeg 320w, https:\/\/www.construcciotarragones.org\/wp-content\/uploads\/ARCH692eb39c0ba54-700x441.jpeg 700w\" data-sizes=\"auto\" \/><div class=\"fusion-rollover\">\n\t<div class=\"fusion-rollover-content\">\n\n\t\t\t\t\n\t\t\n\t\t\t\t\t\t\t\t\t\t\t\t<h4 class=\"fusion-rollover-title\">\n\t\t\t\t\t<a class=\"fusion-rollover-title-link\" href=\"https:\/\/www.construcciotarragones.org\/es\/el-csic-investiga-como-transformar-el-lodo-de-la-dana-en-materiales-urbanos-experimentales\/\">\n\t\t\t\t\t\tEl CSIC investiga c\u00f3mo transformar el lodo de la DANA en materiales urbanos experimentales\t\t\t\t\t<\/a>\n\t\t\t\t<\/h4>\n\t\t\t\n\t\t\t\t\t\t\t\t\n\t\t\n\t\t\t\t\t\t<a class=\"fusion-link-wrapper\" href=\"https:\/\/www.construcciotarragones.org\/es\/el-csic-investiga-como-transformar-el-lodo-de-la-dana-en-materiales-urbanos-experimentales\/\" aria-label=\"El CSIC investiga c\u00f3mo transformar el lodo de la DANA en materiales urbanos experimentales\"><\/a>\n\t<\/div>\n<\/div>\n<\/div>\n<\/li>\n\t\t\t\n\t\t\t\n\t\t\t\t\t\t\t\t\t\t\t\t\t\t\t\t\t\t\t\t\t\t\t\t\t\t\t\t\t\t\t\t\t\t\t\t\t\t\t\t\t\t\t\t\t\t\t\t\t\t\t\t\t\t\t\t\t\t\t\t\t\t\t\t\t\t\t\t<\/ul>\n\t<\/div>\n\t<div class=\"fusion-post-content post-content\"><h2 class=\"blog-shortcode-post-title entry-title\"><a href=\"https:\/\/www.construcciotarragones.org\/es\/el-csic-investiga-como-transformar-el-lodo-de-la-dana-en-materiales-urbanos-experimentales\/\">El CSIC investiga c\u00f3mo transformar el lodo de la DANA en materiales urbanos experimentales<\/a><\/h2><div class=\"fusion-post-content-container\"><p>El estudio busca demostrar que los residuos generados por un fen\u00f3meno meteorol\u00f3gico como el ocurrido en Valencia, pueden convertirse en materiales estables, susceptibles de emplearse en procesos de reconstrucci\u00f3n y adaptaci\u00f3n urbana\r\n\r\n<\/p><\/div><\/div><div class=\"fusion-clearfix\"><\/div><\/article>\n<article id=\"blog-1-post-6297\" class=\"fusion-post-medium post-6297 post type-post status-publish format-standard has-post-thumbnail hentry category-gremi\">\n\t<style type=\"text\/css\">\n\t\t\n\t\t\n\t\t\n\t\t\n\t\t\t<\/style>\n\n\n\t\t\t<div class=\"fusion-flexslider flexslider fusion-flexslider-loading fusion-post-slideshow\" style=\"\">\n\t\t<ul class=\"slides\">\n\t\t\t\n\t\t\t\t\t\t\t\t\t\t\t\t\t\t<li><div  class=\"fusion-image-wrapper fusion-image-size-fixed\" aria-haspopup=\"true\">\n\t\t\t\t<img decoding=\"async\" width=\"320\" height=\"202\" src=\"https:\/\/www.construcciotarragones.org\/wp-content\/uploads\/ARCH6862657ec6162-320x202.jpeg\" class=\"attachment-blog-medium size-blog-medium lazyload wp-post-image\" alt=\"\" srcset=\"data:image\/svg+xml,%3Csvg%20xmlns%3D%27http%3A%2F%2Fwww.w3.org%2F2000%2Fsvg%27%20width%3D%27853%27%20height%3D%27480%27%20viewBox%3D%270%200%20853%20480%27%3E%3Crect%20width%3D%27853%27%20height%3D%27480%27%20fill-opacity%3D%220%22%2F%3E%3C%2Fsvg%3E\" data-orig-src=\"https:\/\/www.construcciotarragones.org\/wp-content\/uploads\/ARCH6862657ec6162-320x202.jpeg\" data-srcset=\"https:\/\/www.construcciotarragones.org\/wp-content\/uploads\/ARCH6862657ec6162-320x202.jpeg 320w, https:\/\/www.construcciotarragones.org\/wp-content\/uploads\/ARCH6862657ec6162-700x441.jpeg 700w\" data-sizes=\"auto\" \/><div class=\"fusion-rollover\">\n\t<div class=\"fusion-rollover-content\">\n\n\t\t\t\t\n\t\t\n\t\t\t\t\t\t\t\t\t\t\t\t<h4 class=\"fusion-rollover-title\">\n\t\t\t\t\t<a class=\"fusion-rollover-title-link\" href=\"https:\/\/www.construcciotarragones.org\/es\/el-ministerio-de-vivienda-y-la-fundacion-laboral-firman-un-protocolo-para-atraer-talento-y-hacer-frente-a-los-retos-en-materia-de-vivienda\/\">\n\t\t\t\t\t\tEl Ministerio de Vivienda y la Fundaci\u00f3n Laboral firman un protocolo para atraer talento y hacer frente a los retos en materia de vivienda\t\t\t\t\t<\/a>\n\t\t\t\t<\/h4>\n\t\t\t\n\t\t\t\t\t\t\t\t\n\t\t\n\t\t\t\t\t\t<a class=\"fusion-link-wrapper\" href=\"https:\/\/www.construcciotarragones.org\/es\/el-ministerio-de-vivienda-y-la-fundacion-laboral-firman-un-protocolo-para-atraer-talento-y-hacer-frente-a-los-retos-en-materia-de-vivienda\/\" aria-label=\"El Ministerio de Vivienda y la Fundaci\u00f3n Laboral firman un protocolo para atraer talento y hacer frente a los retos en materia de vivienda\"><\/a>\n\t<\/div>\n<\/div>\n<\/div>\n<\/li>\n\t\t\t\n\t\t\t\n\t\t\t\t\t\t\t\t\t\t\t\t\t\t\t\t\t\t\t\t\t\t\t\t\t\t\t\t\t\t\t\t\t\t\t\t\t\t\t\t\t\t\t\t\t\t\t\t\t\t\t\t\t\t\t\t\t\t\t\t\t\t\t\t\t\t\t\t<\/ul>\n\t<\/div>\n\t<div class=\"fusion-post-content post-content\"><h2 class=\"blog-shortcode-post-title entry-title\"><a href=\"https:\/\/www.construcciotarragones.org\/es\/el-ministerio-de-vivienda-y-la-fundacion-laboral-firman-un-protocolo-para-atraer-talento-y-hacer-frente-a-los-retos-en-materia-de-vivienda\/\">El Ministerio de Vivienda y la Fundaci\u00f3n Laboral firman un protocolo para atraer talento y hacer frente a los retos en materia de vivienda<\/a><\/h2><div class=\"fusion-post-content-container\"><p>La colaboraci\u00f3n p\u00fablico-privada busca fomentar la formaci\u00f3n, capacitaci\u00f3n y empleabilidad de nuevos perfiles profesionales en materia de rehabilitaci\u00f3n y construcci\u00f3n industrializada<\/p><\/div><\/div><div class=\"fusion-clearfix\"><\/div><\/article>\n<article id=\"blog-1-post-6284\" class=\"fusion-post-medium post-6284 post type-post status-publish format-standard has-post-thumbnail hentry category-gremi\">\n\t<style type=\"text\/css\">\n\t\t\n\t\t\n\t\t\n\t\t\n\t\t\t<\/style>\n\n\n\t\t\t<div class=\"fusion-flexslider flexslider fusion-flexslider-loading fusion-post-slideshow\" style=\"\">\n\t\t<ul class=\"slides\">\n\t\t\t\n\t\t\t\t\t\t\t\t\t\t\t\t\t\t<li><div  class=\"fusion-image-wrapper fusion-image-size-fixed\" aria-haspopup=\"true\">\n\t\t\t\t<img decoding=\"async\" width=\"320\" height=\"202\" src=\"https:\/\/www.construcciotarragones.org\/wp-content\/uploads\/ARCH6849583a9d0f6-320x202.jpeg\" class=\"attachment-blog-medium size-blog-medium lazyload wp-post-image\" alt=\"\" srcset=\"data:image\/svg+xml,%3Csvg%20xmlns%3D%27http%3A%2F%2Fwww.w3.org%2F2000%2Fsvg%27%20width%3D%27853%27%20height%3D%27480%27%20viewBox%3D%270%200%20853%20480%27%3E%3Crect%20width%3D%27853%27%20height%3D%27480%27%20fill-opacity%3D%220%22%2F%3E%3C%2Fsvg%3E\" data-orig-src=\"https:\/\/www.construcciotarragones.org\/wp-content\/uploads\/ARCH6849583a9d0f6-320x202.jpeg\" data-srcset=\"https:\/\/www.construcciotarragones.org\/wp-content\/uploads\/ARCH6849583a9d0f6-320x202.jpeg 320w, https:\/\/www.construcciotarragones.org\/wp-content\/uploads\/ARCH6849583a9d0f6-700x441.jpeg 700w\" data-sizes=\"auto\" \/><div class=\"fusion-rollover\">\n\t<div class=\"fusion-rollover-content\">\n\n\t\t\t\t\n\t\t\n\t\t\t\t\t\t\t\t\t\t\t\t<h4 class=\"fusion-rollover-title\">\n\t\t\t\t\t<a class=\"fusion-rollover-title-link\" href=\"https:\/\/www.construcciotarragones.org\/es\/la-fundacion-laboral-impulsa-la-inclusion-de-personas-refugiadas-en-la-construccion-a-traves-del-proyecto-welcome-work\/\">\n\t\t\t\t\t\tLa Fundaci\u00f3n Laboral impulsa la inclusi\u00f3n de personas refugiadas en la construcci\u00f3n a trav\u00e9s del proyecto \u2018Welcome Work\u2019\t\t\t\t\t<\/a>\n\t\t\t\t<\/h4>\n\t\t\t\n\t\t\t\t\t\t\t\t\n\t\t\n\t\t\t\t\t\t<a class=\"fusion-link-wrapper\" href=\"https:\/\/www.construcciotarragones.org\/es\/la-fundacion-laboral-impulsa-la-inclusion-de-personas-refugiadas-en-la-construccion-a-traves-del-proyecto-welcome-work\/\" aria-label=\"La Fundaci\u00f3n Laboral impulsa la inclusi\u00f3n de personas refugiadas en la construcci\u00f3n a trav\u00e9s del proyecto \u2018Welcome Work\u2019\"><\/a>\n\t<\/div>\n<\/div>\n<\/div>\n<\/li>\n\t\t\t\n\t\t\t\n\t\t\t\t\t\t\t\t\t\t\t\t\t\t\t\t\t\t\t\t\t\t\t\t\t\t\t\t\t\t\t\t\t\t\t\t\t\t\t\t\t\t\t\t\t\t\t\t\t\t\t\t\t\t\t\t\t\t\t\t\t\t\t\t\t\t\t\t<\/ul>\n\t<\/div>\n\t<div class=\"fusion-post-content post-content\"><h2 class=\"blog-shortcode-post-title entry-title\"><a href=\"https:\/\/www.construcciotarragones.org\/es\/la-fundacion-laboral-impulsa-la-inclusion-de-personas-refugiadas-en-la-construccion-a-traves-del-proyecto-welcome-work\/\">La Fundaci\u00f3n Laboral impulsa la inclusi\u00f3n de personas refugiadas en la construcci\u00f3n a trav\u00e9s del proyecto \u2018Welcome Work\u2019<\/a><\/h2><div class=\"fusion-post-content-container\"><p>La entidad paritaria ha participado en la reuni\u00f3n transnacional del proyecto Erasmus+, \u2018Welcome Work\u2019, organizada para abordar la inclusi\u00f3n de las personas refugiadas en el sector de la construcci\u00f3n<\/p><\/div><\/div><div class=\"fusion-clearfix\"><\/div><\/article>\n<article id=\"blog-1-post-6276\" class=\"fusion-post-medium post-6276 post type-post status-publish format-standard has-post-thumbnail hentry category-gremi\">\n\t<style type=\"text\/css\">\n\t\t\n\t\t\n\t\t\n\t\t\n\t\t\t<\/style>\n\n\n\t\t\t<div class=\"fusion-flexslider flexslider fusion-flexslider-loading fusion-post-slideshow\" style=\"\">\n\t\t<ul class=\"slides\">\n\t\t\t\n\t\t\t\t\t\t\t\t\t\t\t\t\t\t<li><div  class=\"fusion-image-wrapper fusion-image-size-fixed\" aria-haspopup=\"true\">\n\t\t\t\t<img decoding=\"async\" width=\"320\" height=\"202\" src=\"data:image\/svg+xml,%3Csvg%20xmlns%3D%27http%3A%2F%2Fwww.w3.org%2F2000%2Fsvg%27%20width%3D%27625%27%20height%3D%27469%27%20viewBox%3D%270%200%20625%20469%27%3E%3Crect%20width%3D%27625%27%20height%3D%27469%27%20fill-opacity%3D%220%22%2F%3E%3C%2Fsvg%3E\" class=\"attachment-blog-medium size-blog-medium lazyload wp-post-image\" alt=\"\" data-orig-src=\"https:\/\/www.construcciotarragones.org\/wp-content\/uploads\/amianto-2@2x-320x202.jpg\" \/><div class=\"fusion-rollover\">\n\t<div class=\"fusion-rollover-content\">\n\n\t\t\t\t\n\t\t\n\t\t\t\t\t\t\t\t\t\t\t\t<h4 class=\"fusion-rollover-title\">\n\t\t\t\t\t<a class=\"fusion-rollover-title-link\" href=\"https:\/\/www.construcciotarragones.org\/es\/victimas-del-amianto-van-a-cobrar-una-compensacion-de-32-000-a-96-000-euros\/\">\n\t\t\t\t\t\tV\u00edctimas del amianto van a cobrar una compensaci\u00f3n de 32.000 a 96.000 euros\t\t\t\t\t<\/a>\n\t\t\t\t<\/h4>\n\t\t\t\n\t\t\t\t\t\t\t\t\n\t\t\n\t\t\t\t\t\t<a class=\"fusion-link-wrapper\" href=\"https:\/\/www.construcciotarragones.org\/es\/victimas-del-amianto-van-a-cobrar-una-compensacion-de-32-000-a-96-000-euros\/\" aria-label=\"V\u00edctimas del amianto van a cobrar una compensaci\u00f3n de 32.000 a 96.000 euros\"><\/a>\n\t<\/div>\n<\/div>\n<\/div>\n<\/li>\n\t\t\t\n\t\t\t\n\t\t\t\t\t\t\t\t\t\t\t\t\t\t\t\t\t\t\t\t\t\t\t\t\t\t\t\t\t\t\t\t\t\t\t\t\t\t\t\t\t\t\t\t\t\t\t\t\t\t\t\t\t\t\t\t\t\t\t\t\t\t\t\t\t\t\t\t<\/ul>\n\t<\/div>\n\t<div class=\"fusion-post-content post-content\"><h2 class=\"blog-shortcode-post-title entry-title\"><a href=\"https:\/\/www.construcciotarragones.org\/es\/victimas-del-amianto-van-a-cobrar-una-compensacion-de-32-000-a-96-000-euros\/\">V\u00edctimas del amianto van a cobrar una compensaci\u00f3n de 32.000 a 96.000 euros<\/a><\/h2><div class=\"fusion-post-content-container\"><p>El Gobierno aprueba el real decreto que permite iniciar los pagos, cuya cuant\u00eda tendr\u00e1 una relaci\u00f3n directa con la gravedad provocada<\/p><\/div><\/div><div class=\"fusion-clearfix\"><\/div><\/article>\n<article id=\"blog-1-post-6268\" class=\"fusion-post-medium post-6268 post type-post status-publish format-standard has-post-thumbnail hentry category-gremi\">\n\t<style type=\"text\/css\">\n\t\t\n\t\t\n\t\t\n\t\t\n\t\t\t<\/style>\n\n\n\t\t\t<div class=\"fusion-flexslider flexslider fusion-flexslider-loading fusion-post-slideshow\" style=\"\">\n\t\t<ul class=\"slides\">\n\t\t\t\n\t\t\t\t\t\t\t\t\t\t\t\t\t\t<li><div  class=\"fusion-image-wrapper fusion-image-size-fixed\" aria-haspopup=\"true\">\n\t\t\t\t<img decoding=\"async\" width=\"320\" height=\"202\" src=\"https:\/\/www.construcciotarragones.org\/wp-content\/uploads\/ARCH68399a238f5f0-320x202.jpeg\" class=\"attachment-blog-medium size-blog-medium lazyload wp-post-image\" alt=\"\" srcset=\"data:image\/svg+xml,%3Csvg%20xmlns%3D%27http%3A%2F%2Fwww.w3.org%2F2000%2Fsvg%27%20width%3D%27853%27%20height%3D%27480%27%20viewBox%3D%270%200%20853%20480%27%3E%3Crect%20width%3D%27853%27%20height%3D%27480%27%20fill-opacity%3D%220%22%2F%3E%3C%2Fsvg%3E\" data-orig-src=\"https:\/\/www.construcciotarragones.org\/wp-content\/uploads\/ARCH68399a238f5f0-320x202.jpeg\" data-srcset=\"https:\/\/www.construcciotarragones.org\/wp-content\/uploads\/ARCH68399a238f5f0-320x202.jpeg 320w, https:\/\/www.construcciotarragones.org\/wp-content\/uploads\/ARCH68399a238f5f0-700x441.jpeg 700w\" data-sizes=\"auto\" \/><div class=\"fusion-rollover\">\n\t<div class=\"fusion-rollover-content\">\n\n\t\t\t\t\n\t\t\n\t\t\t\t\t\t\t\t\t\t\t\t<h4 class=\"fusion-rollover-title\">\n\t\t\t\t\t<a class=\"fusion-rollover-title-link\" href=\"https:\/\/www.construcciotarragones.org\/es\/la-construccion-continua-siendo-uno-de-los-motores-economicos-y-generadores-de-empleo-segun-el-balance-anual-del-observatorio-industrial\/\">\n\t\t\t\t\t\tLa Construcci\u00f3n contin\u00faa siendo uno de los motores econ\u00f3micos y generadores de empleo, seg\u00fan el balance anual del Observatorio Industrial\t\t\t\t\t<\/a>\n\t\t\t\t<\/h4>\n\t\t\t\n\t\t\t\t\t\t\t\t\n\t\t\n\t\t\t\t\t\t<a class=\"fusion-link-wrapper\" href=\"https:\/\/www.construcciotarragones.org\/es\/la-construccion-continua-siendo-uno-de-los-motores-economicos-y-generadores-de-empleo-segun-el-balance-anual-del-observatorio-industrial\/\" aria-label=\"La Construcci\u00f3n contin\u00faa siendo uno de los motores econ\u00f3micos y generadores de empleo, seg\u00fan el balance anual del Observatorio Industrial\"><\/a>\n\t<\/div>\n<\/div>\n<\/div>\n<\/li>\n\t\t\t\n\t\t\t\n\t\t\t\t\t\t\t\t\t\t\t\t\t\t\t\t\t\t\t\t\t\t\t\t\t\t\t\t\t\t\t\t\t\t\t\t\t\t\t\t\t\t\t\t\t\t\t\t\t\t\t\t\t\t\t\t\t\t\t\t\t\t\t\t\t\t\t\t<\/ul>\n\t<\/div>\n\t<div class=\"fusion-post-content post-content\"><h2 class=\"blog-shortcode-post-title entry-title\"><a href=\"https:\/\/www.construcciotarragones.org\/es\/la-construccion-continua-siendo-uno-de-los-motores-economicos-y-generadores-de-empleo-segun-el-balance-anual-del-observatorio-industrial\/\">La Construcci\u00f3n contin\u00faa siendo uno de los motores econ\u00f3micos y generadores de empleo, seg\u00fan el balance anual del Observatorio Industrial<\/a><\/h2><div class=\"fusion-post-content-container\"><p>El n\u00famero de personas afiliadas en el sector en 2024 se situ\u00f3 en 1.409.887, lo que supone un incremento del 1,9% respecto al a\u00f1o anterior; y, en el R\u00e9gimen General, estas superaron el mill\u00f3n, creciendo un 2,2% y registrando as\u00ed la cifra m\u00e1s alta desde 2010<\/p><\/div><\/div><div class=\"fusion-clearfix\"><\/div><\/article>\n<article id=\"blog-1-post-6250\" class=\"fusion-post-medium post-6250 post type-post status-publish format-standard has-post-thumbnail hentry category-gremi\">\n\t<style type=\"text\/css\">\n\t\t\n\t\t\n\t\t\n\t\t\n\t\t\t<\/style>\n\n\n\t\t\t<div class=\"fusion-flexslider flexslider fusion-flexslider-loading fusion-post-slideshow\" style=\"\">\n\t\t<ul class=\"slides\">\n\t\t\t\n\t\t\t\t\t\t\t\t\t\t\t\t\t\t<li><div  class=\"fusion-image-wrapper fusion-image-size-fixed\" aria-haspopup=\"true\">\n\t\t\t\t<img decoding=\"async\" width=\"320\" height=\"202\" src=\"https:\/\/www.construcciotarragones.org\/wp-content\/uploads\/podcast1-320x202.jpg\" class=\"attachment-blog-medium size-blog-medium lazyload wp-post-image\" alt=\"\" srcset=\"data:image\/svg+xml,%3Csvg%20xmlns%3D%27http%3A%2F%2Fwww.w3.org%2F2000%2Fsvg%27%20width%3D%272000%27%20height%3D%271496%27%20viewBox%3D%270%200%202000%201496%27%3E%3Crect%20width%3D%272000%27%20height%3D%271496%27%20fill-opacity%3D%220%22%2F%3E%3C%2Fsvg%3E\" data-orig-src=\"https:\/\/www.construcciotarragones.org\/wp-content\/uploads\/podcast1-320x202.jpg\" data-srcset=\"https:\/\/www.construcciotarragones.org\/wp-content\/uploads\/podcast1-320x202.jpg 320w, https:\/\/www.construcciotarragones.org\/wp-content\/uploads\/podcast1-700x441.jpg 700w\" data-sizes=\"auto\" \/><div class=\"fusion-rollover\">\n\t<div class=\"fusion-rollover-content\">\n\n\t\t\t\t\n\t\t\n\t\t\t\t\t\t\t\t\t\t\t\t<h4 class=\"fusion-rollover-title\">\n\t\t\t\t\t<a class=\"fusion-rollover-title-link\" href=\"https:\/\/www.construcciotarragones.org\/es\/llega-el-podcast-que-da-voz-a-los-protagonistas-de-la-construccion\/\">\n\t\t\t\t\t\tLlega el podcast que da voz a los protagonistas de la construcci\u00f3n\t\t\t\t\t<\/a>\n\t\t\t\t<\/h4>\n\t\t\t\n\t\t\t\t\t\t\t\t\n\t\t\n\t\t\t\t\t\t<a class=\"fusion-link-wrapper\" href=\"https:\/\/www.construcciotarragones.org\/es\/llega-el-podcast-que-da-voz-a-los-protagonistas-de-la-construccion\/\" aria-label=\"Llega el podcast que da voz a los protagonistas de la construcci\u00f3n\"><\/a>\n\t<\/div>\n<\/div>\n<\/div>\n<\/li>\n\t\t\t\n\t\t\t\n\t\t\t\t\t\t\t\t\t\t\t\t\t\t\t\t\t\t\t\t\t\t\t\t\t\t\t\t\t\t\t\t\t\t\t\t\t\t\t\t\t\t\t\t\t\t\t\t\t\t\t\t\t\t\t\t\t\t\t\t\t\t\t\t\t\t\t\t<\/ul>\n\t<\/div>\n\t<div class=\"fusion-post-content post-content\"><h2 class=\"blog-shortcode-post-title entry-title\"><a href=\"https:\/\/www.construcciotarragones.org\/es\/llega-el-podcast-que-da-voz-a-los-protagonistas-de-la-construccion\/\">Llega el podcast que da voz a los protagonistas de la construcci\u00f3n<\/a><\/h2><div class=\"fusion-post-content-container\"><p>Con el objetivo de atraer y cualificar nuevo talento, la Fundaci\u00f3n Laboral de la Construcci\u00f3n, dentro del proyecto \u201cCimientos para el Empleo 2030\u201d, ha lanzado el Podcast de Generaci\u00f3n Cambio.<\/p><\/div><\/div><div class=\"fusion-clearfix\"><\/div><\/article>\n<article id=\"blog-1-post-6209\" class=\"fusion-post-medium post-6209 post type-post status-publish format-standard has-post-thumbnail hentry category-gremi\">\n\t<style type=\"text\/css\">\n\t\t\n\t\t\n\t\t\n\t\t\n\t\t\t<\/style>\n\n\n\t\t\t<div class=\"fusion-flexslider flexslider fusion-flexslider-loading fusion-post-slideshow\" style=\"\">\n\t\t<ul class=\"slides\">\n\t\t\t\n\t\t\t\t\t\t\t\t\t\t\t\t\t\t<li><div  class=\"fusion-image-wrapper fusion-image-size-fixed\" aria-haspopup=\"true\">\n\t\t\t\t<img decoding=\"async\" width=\"320\" height=\"202\" src=\"https:\/\/www.construcciotarragones.org\/wp-content\/uploads\/ARCH67ffc6a9bf5d8-320x202.jpeg\" class=\"attachment-blog-medium size-blog-medium lazyload wp-post-image\" alt=\"\" srcset=\"data:image\/svg+xml,%3Csvg%20xmlns%3D%27http%3A%2F%2Fwww.w3.org%2F2000%2Fsvg%27%20width%3D%27853%27%20height%3D%27480%27%20viewBox%3D%270%200%20853%20480%27%3E%3Crect%20width%3D%27853%27%20height%3D%27480%27%20fill-opacity%3D%220%22%2F%3E%3C%2Fsvg%3E\" data-orig-src=\"https:\/\/www.construcciotarragones.org\/wp-content\/uploads\/ARCH67ffc6a9bf5d8-320x202.jpeg\" data-srcset=\"https:\/\/www.construcciotarragones.org\/wp-content\/uploads\/ARCH67ffc6a9bf5d8-320x202.jpeg 320w, https:\/\/www.construcciotarragones.org\/wp-content\/uploads\/ARCH67ffc6a9bf5d8-700x441.jpeg 700w\" data-sizes=\"auto\" \/><div class=\"fusion-rollover\">\n\t<div class=\"fusion-rollover-content\">\n\n\t\t\t\t\n\t\t\n\t\t\t\t\t\t\t\t\t\t\t\t<h4 class=\"fusion-rollover-title\">\n\t\t\t\t\t<a class=\"fusion-rollover-title-link\" href=\"https:\/\/www.construcciotarragones.org\/es\/ccoo-del-habitat-y-ugt-fica-piden-la-jubilacion-anticipada-en-la-construccion\/\">\n\t\t\t\t\t\tCCOO del H\u00e1bitat y UGT FICA piden la jubilaci\u00f3n anticipada en la construcci\u00f3n\t\t\t\t\t<\/a>\n\t\t\t\t<\/h4>\n\t\t\t\n\t\t\t\t\t\t\t\t\n\t\t\n\t\t\t\t\t\t<a class=\"fusion-link-wrapper\" href=\"https:\/\/www.construcciotarragones.org\/es\/ccoo-del-habitat-y-ugt-fica-piden-la-jubilacion-anticipada-en-la-construccion\/\" aria-label=\"CCOO del H\u00e1bitat y UGT FICA piden la jubilaci\u00f3n anticipada en la construcci\u00f3n\"><\/a>\n\t<\/div>\n<\/div>\n<\/div>\n<\/li>\n\t\t\t\n\t\t\t\n\t\t\t\t\t\t\t\t\t\t\t\t\t\t\t\t\t\t\t\t\t\t\t\t\t\t\t\t\t\t\t\t\t\t\t\t\t\t\t\t\t\t\t\t\t\t\t\t\t\t\t\t\t\t\t\t\t\t\t\t\t\t\t\t\t\t\t\t<\/ul>\n\t<\/div>\n\t<div class=\"fusion-post-content post-content\"><h2 class=\"blog-shortcode-post-title entry-title\"><a href=\"https:\/\/www.construcciotarragones.org\/es\/ccoo-del-habitat-y-ugt-fica-piden-la-jubilacion-anticipada-en-la-construccion\/\">CCOO del H\u00e1bitat y UGT FICA piden la jubilaci\u00f3n anticipada en la construcci\u00f3n<\/a><\/h2><div class=\"fusion-post-content-container\"><p>Los sindicatos mayoritarios del sector han presentado una campa\u00f1a de movilizaci\u00f3n social para dar mayor visibilidad a esta reivindicaci\u00f3n hist\u00f3rica bajo el lema '\u00a1Justicia en la jubilaci\u00f3n para el sector de la construcci\u00f3n! Coeficientes reductores YA'.<\/p><\/div><\/div><div class=\"fusion-clearfix\"><\/div><\/article>\n<\/div><div class=\"pagination clearfix\"><span class=\"current\">1<\/span><a href=\"https:\/\/www.construcciotarragones.org\/es\/wp-json\/wp\/v2\/pages\/3183\/page\/2\/\" class=\"inactive\">2<\/a><a class=\"pagination-next\" rel=\"next\" href=\"https:\/\/www.construcciotarragones.org\/es\/wp-json\/wp\/v2\/pages\/3183\/page\/2\/\"><span class=\"page-text\">Siguiente<\/span><span class=\"page-next\"><\/span><\/a><\/div><div class=\"fusion-clearfix\"><\/div><\/div><\/div><\/div><\/div><\/div>\n","protected":false},"excerpt":{"rendered":"","protected":false},"author":1,"featured_media":0,"parent":0,"menu_order":22,"comment_status":"closed","ping_status":"closed","template":"","meta":{"footnotes":""},"class_list":["post-3183","page","type-page","status-publish","hentry"],"_links":{"self":[{"href":"https:\/\/www.construcciotarragones.org\/es\/wp-json\/wp\/v2\/pages\/3183","targetHints":{"allow":["GET"]}}],"collection":[{"href":"https:\/\/www.construcciotarragones.org\/es\/wp-json\/wp\/v2\/pages"}],"about":[{"href":"https:\/\/www.construcciotarragones.org\/es\/wp-json\/wp\/v2\/types\/page"}],"author":[{"embeddable":true,"href":"https:\/\/www.construcciotarragones.org\/es\/wp-json\/wp\/v2\/users\/1"}],"replies":[{"embeddable":true,"href":"https:\/\/www.construcciotarragones.org\/es\/wp-json\/wp\/v2\/comments?post=3183"}],"version-history":[{"count":0,"href":"https:\/\/www.construcciotarragones.org\/es\/wp-json\/wp\/v2\/pages\/3183\/revisions"}],"wp:attachment":[{"href":"https:\/\/www.construcciotarragones.org\/es\/wp-json\/wp\/v2\/media?parent=3183"}],"curies":[{"name":"wp","href":"https:\/\/api.w.org\/{rel}","templated":true}]}}